{"id":73514,"date":"2025-12-17T19:32:32","date_gmt":"2025-12-17T18:32:32","guid":{"rendered":"https:\/\/praxistrainings-lms.de\/?page_id=73514"},"modified":"2025-12-22T18:05:58","modified_gmt":"2025-12-22T17:05:58","slug":"webinar-lmsk-praxis","status":"publish","type":"page","link":"https:\/\/praxistrainings-lms.de\/es\/webinar-lmsk-praxis\/","title":{"rendered":"Seminario web: Cultura de seguridad alimentaria en la pr\u00e1ctica"},"content":{"rendered":"<div data-elementor-type=\"wp-page\" data-elementor-id=\"73514\" class=\"elementor elementor-73514\" data-elementor-post-type=\"page\">\n\t\t\t\t\t\t<section class=\"elementor-section elementor-top-section elementor-element elementor-element-b8daeb3 elementor-section-boxed elementor-section-height-default elementor-section-height-default\" data-id=\"b8daeb3\" data-element_type=\"section\" data-e-type=\"section\">\n\t\t\t\t\t\t<div class=\"elementor-container elementor-column-gap-default\">\n\t\t\t\t\t<div class=\"elementor-column elementor-col-100 elementor-top-column elementor-element elementor-element-45bf788\" data-id=\"45bf788\" data-element_type=\"column\" data-e-type=\"column\">\n\t\t\t<div class=\"elementor-widget-wrap elementor-element-populated\">\n\t\t\t\t\t\t<div class=\"elementor-element elementor-element-1833086 elementor-hidden-desktop elementor-hidden-tablet elementor-widget elementor-widget-image\" data-id=\"1833086\" data-element_type=\"widget\" data-e-type=\"widget\" data-widget_type=\"image.default\">\n\t\t\t\t<div class=\"elementor-widget-container\">\n\t\t\t\t\t\t\t\t\t\t\t\t\t\t\t<img loading=\"lazy\" decoding=\"async\" width=\"275\" height=\"134\" src=\"https:\/\/praxistrainings-lms.de\/wp-content\/uploads\/2023\/06\/WEB_LMS_Logo_Blue-klein.png\" class=\"attachment-large size-large wp-image-42650\" alt=\"Logotipo de LMS de formaci\u00f3n pr\u00e1ctica\" srcset=\"https:\/\/praxistrainings-lms.de\/wp-content\/uploads\/2023\/06\/WEB_LMS_Logo_Blue-klein.png 275w, https:\/\/praxistrainings-lms.de\/wp-content\/uploads\/2023\/06\/WEB_LMS_Logo_Blue-klein-18x9.png 18w\" sizes=\"auto, (max-width: 275px) 100vw, 275px\" \/>\t\t\t\t\t\t\t\t\t\t\t\t\t\t\t<\/div>\n\t\t\t\t<\/div>\n\t\t\t\t\t<\/div>\n\t\t<\/div>\n\t\t\t\t\t<\/div>\n\t\t<\/section>\n\t\t\t\t<section class=\"elementor-section elementor-top-section elementor-element elementor-element-835246b elementor-section-boxed elementor-section-height-default elementor-section-height-default\" data-id=\"835246b\" data-element_type=\"section\" data-e-type=\"section\">\n\t\t\t\t\t\t<div class=\"elementor-container elementor-column-gap-default\">\n\t\t\t\t\t<div class=\"elementor-column elementor-col-100 elementor-top-column elementor-element elementor-element-80cfd18\" data-id=\"80cfd18\" data-element_type=\"column\" data-e-type=\"column\">\n\t\t\t<div class=\"elementor-widget-wrap elementor-element-populated\">\n\t\t\t\t\t\t<div class=\"elementor-element elementor-element-6e60c3d elementor-widget elementor-widget-image\" data-id=\"6e60c3d\" data-element_type=\"widget\" data-e-type=\"widget\" data-widget_type=\"image.default\">\n\t\t\t\t<div class=\"elementor-widget-container\">\n\t\t\t\t\t\t\t\t\t\t\t\t\t\t\t\t<a href=\"https:\/\/praxistrainings-lms.de\/bestaetigung-lmsk-praxis-webinar\/\">\n\t\t\t\t\t\t\t<img loading=\"lazy\" decoding=\"async\" width=\"1024\" height=\"576\" src=\"https:\/\/praxistrainings-lms.de\/wp-content\/uploads\/2025\/12\/Podcast-Webinar-1024x576.png\" class=\"attachment-large size-large wp-image-73699\" alt=\"Podcast Webinar 5 Cultura de Seguridad Alimentaria\" srcset=\"https:\/\/praxistrainings-lms.de\/wp-content\/uploads\/2025\/12\/Podcast-Webinar-1024x576.png 1024w, https:\/\/praxistrainings-lms.de\/wp-content\/uploads\/2025\/12\/Podcast-Webinar-300x169.png 300w, https:\/\/praxistrainings-lms.de\/wp-content\/uploads\/2025\/12\/Podcast-Webinar-768x432.png 768w, https:\/\/praxistrainings-lms.de\/wp-content\/uploads\/2025\/12\/Podcast-Webinar-1536x864.png 1536w, https:\/\/praxistrainings-lms.de\/wp-content\/uploads\/2025\/12\/Podcast-Webinar-18x10.png 18w, https:\/\/praxistrainings-lms.de\/wp-content\/uploads\/2025\/12\/Podcast-Webinar-600x338.png 600w, https:\/\/praxistrainings-lms.de\/wp-content\/uploads\/2025\/12\/Podcast-Webinar.png 1920w\" sizes=\"auto, (max-width: 1024px) 100vw, 1024px\" \/>\t\t\t\t\t\t\t\t<\/a>\n\t\t\t\t\t\t\t\t\t\t\t\t\t\t\t<\/div>\n\t\t\t\t<\/div>\n\t\t\t\t\t<\/div>\n\t\t<\/div>\n\t\t\t\t\t<\/div>\n\t\t<\/section>\n\t\t\t\t<section class=\"elementor-section elementor-top-section elementor-element elementor-element-5642955 elementor-section-boxed elementor-section-height-default elementor-section-height-default\" data-id=\"5642955\" data-element_type=\"section\" data-e-type=\"section\">\n\t\t\t\t\t\t<div class=\"elementor-container elementor-column-gap-default\">\n\t\t\t\t\t<div class=\"elementor-column elementor-col-100 elementor-top-column elementor-element elementor-element-dcfcb12\" data-id=\"dcfcb12\" data-element_type=\"column\" data-e-type=\"column\">\n\t\t\t<div class=\"elementor-widget-wrap elementor-element-populated\">\n\t\t\t\t\t\t<div class=\"elementor-element elementor-element-386a921 elementor-widget elementor-widget-text-editor\" data-id=\"386a921\" data-element_type=\"widget\" data-e-type=\"widget\" data-widget_type=\"text-editor.default\">\n\t\t\t\t<div class=\"elementor-widget-container\">\n\t\t\t\t\t\t\t\t\t<p data-start=\"246\" data-end=\"576\">En el trabajo diario de gesti\u00f3n y aseguramiento de la calidad, la atenci\u00f3n se centra a menudo en los requisitos t\u00e9cnicos, las obligaciones de documentaci\u00f3n y las normas. Sin embargo, un factor crucial para el \u00e9xito suele quedar en segundo plano: la experiencia vivida. <strong data-start=\"527\" data-end=\"560\">cultura de seguridad alimentaria<\/strong> en la empresa.<\/p><p data-start=\"578\" data-end=\"850\">En nuestro breve seminario web gratuito, Aniko Koch habla con los dos expertos. <strong data-start=\"657\" data-end=\"682\">Christa Klos (Lieken)<\/strong> y <strong data-start=\"687\" data-end=\"713\">Jazm\u00edn Walter (Frosta)<\/strong> sobre c\u00f3mo un fuerte\u00a0<span style=\"font-weight: bold;\" data-start=\"527\" data-end=\"560\">cultura de seguridad alimentaria<\/span>\u00a0c\u00f3mo se puede financiar y qu\u00e9 experiencias han tenido en la pr\u00e1ctica.<\/p><p data-start=\"852\" data-end=\"876\"><strong data-start=\"852\" data-end=\"874\">\u00bfQu\u00e9 puedes esperar?<\/strong><\/p><ul><li data-start=\"879\" data-end=\"946\">Una visi\u00f3n general concisa del tema de la cultura de la seguridad alimentaria<\/li><li data-start=\"949\" data-end=\"1003\">Testimonios directamente de la vida empresarial cotidiana<\/li><li data-start=\"1006\" data-end=\"1061\">Ideas pr\u00e1cticas para implementar en tu propia empresa<\/li><\/ul><p data-start=\"1063\" data-end=\"1177\">Luego preparamos el contenido como <strong data-start=\"1105\" data-end=\"1124\">Podcast de conocimiento<\/strong> encendido \u2013 ideal para volver a escuchar o compartir dentro del equipo.<\/p>\t\t\t\t\t\t\t\t<\/div>\n\t\t\t\t<\/div>\n\t\t\t\t\t<\/div>\n\t\t<\/div>\n\t\t\t\t\t<\/div>\n\t\t<\/section>\n\t\t\t\t<section class=\"elementor-section elementor-top-section elementor-element elementor-element-dc93ec7 elementor-section-boxed elementor-section-height-default elementor-section-height-default\" data-id=\"dc93ec7\" data-element_type=\"section\" data-e-type=\"section\">\n\t\t\t\t\t\t<div class=\"elementor-container elementor-column-gap-default\">\n\t\t\t\t\t<div class=\"elementor-column elementor-col-100 elementor-top-column elementor-element elementor-element-63bdc9d\" data-id=\"63bdc9d\" data-element_type=\"column\" data-e-type=\"column\">\n\t\t\t<div class=\"elementor-widget-wrap elementor-element-populated\">\n\t\t\t\t\t\t<section class=\"elementor-section elementor-inner-section elementor-element elementor-element-3573331 elementor-section-boxed elementor-section-height-default elementor-section-height-default\" data-id=\"3573331\" data-element_type=\"section\" data-e-type=\"section\" data-settings=\"{&quot;background_background&quot;:&quot;classic&quot;}\">\n\t\t\t\t\t\t<div class=\"elementor-container elementor-column-gap-default\">\n\t\t\t\t\t<div class=\"elementor-column elementor-col-33 elementor-inner-column elementor-element elementor-element-c36ab32\" data-id=\"c36ab32\" data-element_type=\"column\" data-e-type=\"column\">\n\t\t\t<div class=\"elementor-widget-wrap elementor-element-populated\">\n\t\t\t\t\t\t<div class=\"elementor-element elementor-element-e335862 elementor-widget elementor-widget-text-editor\" data-id=\"e335862\" data-element_type=\"widget\" data-e-type=\"widget\" data-widget_type=\"text-editor.default\">\n\t\t\t\t<div class=\"elementor-widget-container\">\n\t\t\t\t\t\t\t\t\t<p><span style=\"color: #000000;\"><b>El 19 de enero de 2026<\/b><br \/><\/span><span style=\"color: #000000;\">12:00 \u2013 aprox. 13:00<br \/>Entrevista con: Dra. Christa Klos (Lieken) y Jasmin Walter (Frosta)<br \/><\/span>Entrevistado por: <a href=\"https:\/\/praxistrainings-lms.de\/uber-uns\/\">Aniko Koch<\/a><\/p>\t\t\t\t\t\t\t\t<\/div>\n\t\t\t\t<\/div>\n\t\t\t\t\t<\/div>\n\t\t<\/div>\n\t\t\t\t<div class=\"elementor-column elementor-col-33 elementor-inner-column elementor-element elementor-element-d2e20fe\" data-id=\"d2e20fe\" data-element_type=\"column\" data-e-type=\"column\">\n\t\t\t<div class=\"elementor-widget-wrap elementor-element-populated\">\n\t\t\t\t\t\t<div class=\"elementor-element elementor-element-a0a1c32 elementor-widget elementor-widget-text-editor\" data-id=\"a0a1c32\" data-element_type=\"widget\" data-e-type=\"widget\" data-widget_type=\"text-editor.default\">\n\t\t\t\t<div class=\"elementor-widget-container\">\n\t\t\t\t\t\t\t\t\t<p><strong>material del participante<br \/><\/strong>Despu\u00e9s del seminario web, recibir\u00e1s un interesante podcast que crearemos a partir de la grabaci\u00f3n de audio.<\/p>\t\t\t\t\t\t\t\t<\/div>\n\t\t\t\t<\/div>\n\t\t\t\t\t<\/div>\n\t\t<\/div>\n\t\t\t\t<div class=\"elementor-column elementor-col-33 elementor-inner-column elementor-element elementor-element-0f0606f\" data-id=\"0f0606f\" data-element_type=\"column\" data-e-type=\"column\">\n\t\t\t<div class=\"elementor-widget-wrap elementor-element-populated\">\n\t\t\t\t\t\t<div class=\"elementor-element elementor-element-4af8f1c elementor-widget elementor-widget-text-editor\" data-id=\"4af8f1c\" data-element_type=\"widget\" data-e-type=\"widget\" data-widget_type=\"text-editor.default\">\n\t\t\t\t<div class=\"elementor-widget-container\">\n\t\t\t\t\t\t\t\t\t<p><span style=\"color: #000000;\"><strong>Tus propias preguntas<br \/><\/strong><\/span><span style=\"color: #000000;\">Podr\u00e1s hacer tus propias preguntas a trav\u00e9s del chat durante el seminario web. Intentaremos responder tantas como sea posible.\u00a0<br \/><\/span><\/p>\t\t\t\t\t\t\t\t<\/div>\n\t\t\t\t<\/div>\n\t\t\t\t\t<\/div>\n\t\t<\/div>\n\t\t\t\t\t<\/div>\n\t\t<\/section>\n\t\t\t\t\t<\/div>\n\t\t<\/div>\n\t\t\t\t\t<\/div>\n\t\t<\/section>\n\t\t\t\t<section class=\"elementor-section elementor-top-section elementor-element elementor-element-dbd6509 elementor-section-boxed elementor-section-height-default elementor-section-height-default\" data-id=\"dbd6509\" data-element_type=\"section\" data-e-type=\"section\">\n\t\t\t\t\t\t<div class=\"elementor-container elementor-column-gap-default\">\n\t\t\t\t\t<div class=\"elementor-column elementor-col-100 elementor-top-column elementor-element elementor-element-5416cb4\" data-id=\"5416cb4\" data-element_type=\"column\" data-e-type=\"column\">\n\t\t\t<div class=\"elementor-widget-wrap elementor-element-populated\">\n\t\t\t\t\t\t<div class=\"elementor-element elementor-element-267f5f5 elementor-widget elementor-widget-text-editor\" data-id=\"267f5f5\" data-element_type=\"widget\" data-e-type=\"widget\" data-widget_type=\"text-editor.default\">\n\t\t\t\t<div class=\"elementor-widget-container\">\n\t\t\t\t\t\t\t\t\t<p>Nota: La participaci\u00f3n est\u00e1 limitada a un m\u00e1ximo de 100 personas. Reg\u00edstrese solo si est\u00e1 seguro de poder asistir.<\/p>\t\t\t\t\t\t\t\t<\/div>\n\t\t\t\t<\/div>\n\t\t\t\t\t<\/div>\n\t\t<\/div>\n\t\t\t\t\t<\/div>\n\t\t<\/section>\n\t\t\t\t<section class=\"elementor-section elementor-top-section elementor-element elementor-element-f4d60e4 elementor-section-boxed elementor-section-height-default elementor-section-height-default\" data-id=\"f4d60e4\" data-element_type=\"section\" data-e-type=\"section\">\n\t\t\t\t\t\t<div class=\"elementor-container elementor-column-gap-default\">\n\t\t\t\t\t<div class=\"elementor-column elementor-col-100 elementor-top-column elementor-element elementor-element-a670460\" data-id=\"a670460\" data-element_type=\"column\" data-e-type=\"column\">\n\t\t\t<div class=\"elementor-widget-wrap elementor-element-populated\">\n\t\t\t\t\t\t<div class=\"elementor-element elementor-element-c4b06d2 elementor-widget elementor-widget-heading\" data-id=\"c4b06d2\" data-element_type=\"widget\" data-e-type=\"widget\" data-widget_type=\"heading.default\">\n\t\t\t\t<div class=\"elementor-widget-container\">\n\t\t\t\t\t<h2 class=\"elementor-heading-title elementor-size-default\"><b>En este seminario web especial aprender\u00e1s:<\/b><\/h2>\t\t\t\t<\/div>\n\t\t\t\t<\/div>\n\t\t\t\t\t<\/div>\n\t\t<\/div>\n\t\t\t\t\t<\/div>\n\t\t<\/section>\n\t\t\t\t<section class=\"elementor-section elementor-top-section elementor-element elementor-element-41265c3 elementor-section-boxed elementor-section-height-default elementor-section-height-default\" data-id=\"41265c3\" data-element_type=\"section\" data-e-type=\"section\">\n\t\t\t\t\t\t<div class=\"elementor-container elementor-column-gap-default\">\n\t\t\t\t\t<div class=\"elementor-column elementor-col-100 elementor-top-column elementor-element elementor-element-43a00d4\" data-id=\"43a00d4\" data-element_type=\"column\" data-e-type=\"column\">\n\t\t\t<div class=\"elementor-widget-wrap elementor-element-populated\">\n\t\t\t\t\t\t<section class=\"elementor-section elementor-inner-section elementor-element elementor-element-d0c883a elementor-section-boxed elementor-section-height-default elementor-section-height-default\" data-id=\"d0c883a\" data-element_type=\"section\" data-e-type=\"section\" data-settings=\"{&quot;background_background&quot;:&quot;classic&quot;}\">\n\t\t\t\t\t\t<div class=\"elementor-container elementor-column-gap-default\">\n\t\t\t\t\t<div class=\"elementor-column elementor-col-33 elementor-inner-column elementor-element elementor-element-8299242\" data-id=\"8299242\" data-element_type=\"column\" data-e-type=\"column\" data-settings=\"{&quot;background_background&quot;:&quot;classic&quot;}\">\n\t\t\t<div class=\"elementor-widget-wrap elementor-element-populated\">\n\t\t\t\t\t\t<div class=\"elementor-element elementor-element-d50bf90 elementor-widget elementor-widget-heading\" data-id=\"d50bf90\" data-element_type=\"widget\" data-e-type=\"widget\" data-widget_type=\"heading.default\">\n\t\t\t\t<div class=\"elementor-widget-container\">\n\t\t\t\t\t<h2 class=\"elementor-heading-title elementor-size-default\">discurso de apertura<\/h2>\t\t\t\t<\/div>\n\t\t\t\t<\/div>\n\t\t\t\t<div class=\"elementor-element elementor-element-e380e96 elementor-widget elementor-widget-text-editor\" data-id=\"e380e96\" data-element_type=\"widget\" data-e-type=\"widget\" data-widget_type=\"text-editor.default\">\n\t\t\t\t<div class=\"elementor-widget-container\">\n\t\t\t\t\t\t\t\t\t<p><span style=\"color: #000000;\">Aniko Koch explica de forma breve y concisa qu\u00e9 es la cultura de la seguridad alimentaria y por qu\u00e9 puede suponer un aut\u00e9ntico punto de inflexi\u00f3n para muchas empresas.<\/span><\/p>\t\t\t\t\t\t\t\t<\/div>\n\t\t\t\t<\/div>\n\t\t\t\t\t<\/div>\n\t\t<\/div>\n\t\t\t\t<div class=\"elementor-column elementor-col-33 elementor-inner-column elementor-element elementor-element-4f2fb8f\" data-id=\"4f2fb8f\" data-element_type=\"column\" data-e-type=\"column\" data-settings=\"{&quot;background_background&quot;:&quot;classic&quot;}\">\n\t\t\t<div class=\"elementor-widget-wrap elementor-element-populated\">\n\t\t\t\t\t\t<div class=\"elementor-element elementor-element-00596b5 elementor-widget elementor-widget-heading\" data-id=\"00596b5\" data-element_type=\"widget\" data-e-type=\"widget\" data-widget_type=\"heading.default\">\n\t\t\t\t<div class=\"elementor-widget-container\">\n\t\t\t\t\t<h2 class=\"elementor-heading-title elementor-size-default\">Tus propias preguntas<\/h2>\t\t\t\t<\/div>\n\t\t\t\t<\/div>\n\t\t\t\t<div class=\"elementor-element elementor-element-7c0b826 elementor-widget elementor-widget-text-editor\" data-id=\"7c0b826\" data-element_type=\"widget\" data-e-type=\"widget\" data-widget_type=\"text-editor.default\">\n\t\t\t\t<div class=\"elementor-widget-container\">\n\t\t\t\t\t\t\t\t\t<p>Haz tus propias preguntas a trav\u00e9s del chat y recibe respuestas directas de nuestros expertos en cultura de seguridad alimentaria.<\/p>\t\t\t\t\t\t\t\t<\/div>\n\t\t\t\t<\/div>\n\t\t\t\t\t<\/div>\n\t\t<\/div>\n\t\t\t\t<div class=\"elementor-column elementor-col-33 elementor-inner-column elementor-element elementor-element-8995bfe\" data-id=\"8995bfe\" data-element_type=\"column\" data-e-type=\"column\" data-settings=\"{&quot;background_background&quot;:&quot;classic&quot;}\">\n\t\t\t<div class=\"elementor-widget-wrap elementor-element-populated\">\n\t\t\t\t\t\t<div class=\"elementor-element elementor-element-f782f60 elementor-widget elementor-widget-heading\" data-id=\"f782f60\" data-element_type=\"widget\" data-e-type=\"widget\" data-widget_type=\"heading.default\">\n\t\t\t\t<div class=\"elementor-widget-container\">\n\t\t\t\t\t<h2 class=\"elementor-heading-title elementor-size-default\">ejemplos pr\u00e1cticos<\/h2>\t\t\t\t<\/div>\n\t\t\t\t<\/div>\n\t\t\t\t<div class=\"elementor-element elementor-element-8c5387e elementor-widget elementor-widget-text-editor\" data-id=\"8c5387e\" data-element_type=\"widget\" data-e-type=\"widget\" data-widget_type=\"text-editor.default\">\n\t\t\t\t<div class=\"elementor-widget-container\">\n\t\t\t\t\t\t\t\t\t<p><span style=\"color: #000000;\">Aprender\u00e1 c\u00f3mo otras empresas abordan el tema de la cultura de la seguridad alimentaria.<\/span><\/p>\t\t\t\t\t\t\t\t<\/div>\n\t\t\t\t<\/div>\n\t\t\t\t\t<\/div>\n\t\t<\/div>\n\t\t\t\t\t<\/div>\n\t\t<\/section>\n\t\t\t\t\t<\/div>\n\t\t<\/div>\n\t\t\t\t\t<\/div>\n\t\t<\/section>\n\t\t\t\t<section class=\"elementor-section elementor-top-section elementor-element elementor-element-9da778a elementor-section-boxed elementor-section-height-default elementor-section-height-default\" data-id=\"9da778a\" data-element_type=\"section\" data-e-type=\"section\" data-settings=\"{&quot;background_background&quot;:&quot;gradient&quot;}\">\n\t\t\t\t\t\t<div class=\"elementor-container elementor-column-gap-default\">\n\t\t\t\t\t<div class=\"elementor-column elementor-col-100 elementor-top-column elementor-element elementor-element-d9986f6\" data-id=\"d9986f6\" data-element_type=\"column\" data-e-type=\"column\">\n\t\t\t<div class=\"elementor-widget-wrap elementor-element-populated\">\n\t\t\t\t\t\t<div class=\"elementor-element elementor-element-4aab461 elementor-align-center elementor-mobile-align-center elementor-widget elementor-widget-button\" data-id=\"4aab461\" data-element_type=\"widget\" data-e-type=\"widget\" data-settings=\"{&quot;_animation&quot;:&quot;none&quot;}\" data-widget_type=\"button.default\">\n\t\t\t\t<div class=\"elementor-widget-container\">\n\t\t\t\t\t\t\t\t\t<div class=\"elementor-button-wrapper\">\n\t\t\t\t\t<a class=\"elementor-button elementor-button-link elementor-size-xl\" href=\"https:\/\/praxistrainings-lms.de\/bestaetigung-lmsk-praxis-webinar\/\">\n\t\t\t\t\t\t<span class=\"elementor-button-content-wrapper\">\n\t\t\t\t\t\t\t\t\t<span class=\"elementor-button-text\">Reserva ya tu plaza y reg\u00edstrate de forma vinculante<\/span>\n\t\t\t\t\t<\/span>\n\t\t\t\t\t<\/a>\n\t\t\t\t<\/div>\n\t\t\t\t\t\t\t\t<\/div>\n\t\t\t\t<\/div>\n\t\t\t\t\t<\/div>\n\t\t<\/div>\n\t\t\t\t\t<\/div>\n\t\t<\/section>\n\t\t\t\t<\/div>","protected":false},"excerpt":{"rendered":"<p>In der t\u00e4glichen Arbeit im Qualit\u00e4tsmanagement und in der Qualit\u00e4tssicherung stehen oft technische Anforderungen, Dokumentationspflichten und Standards im Fokus. Doch ein entscheidender Erfolgsfaktor bleibt h\u00e4ufig im Hintergrund: die gelebte Lebensmittelsicherheitskultur im Unternehmen. In unserem kostenfreien Kurzwebinar spricht Aniko Koch mit den beiden Expertinnen Christa Klos (Lieken) und Jasmin Walter (Frosta) dar\u00fcber, wie eine starke\u00a0Lebensmittelsicherheitskultur\u00a0gef\u00f6rdert werden [&hellip;]<\/p>\n","protected":false},"author":186,"featured_media":0,"parent":0,"menu_order":0,"comment_status":"closed","ping_status":"closed","template":"","meta":{"_acf_changed":false,"site-sidebar-layout":"no-sidebar","site-content-layout":"page-builder","ast-site-content-layout":"full-width-container","site-content-style":"default","site-sidebar-style":"default","ast-global-header-display":"","ast-banner-title-visibility":"","ast-main-header-display":"","ast-hfb-above-header-display":"","ast-hfb-below-header-display":"","ast-hfb-mobile-header-display":"","site-post-title":"disabled","ast-breadcrumbs-content":"","ast-featured-img":"disabled","footer-sml-layout":"","ast-disable-related-posts":"","theme-transparent-header-meta":"","adv-header-id-meta":"","stick-header-meta":"","header-above-stick-meta":"","header-main-stick-meta":"","header-below-stick-meta":"","astra-migrate-meta-layouts":"set","ast-page-background-enabled":"default","ast-page-background-meta":{"desktop":{"background-color":"","background-image":"","background-repeat":"repeat","background-position":"center center","background-size":"auto","background-attachment":"scroll","background-type":"","background-media":"","overlay-type":"","overlay-color":"","overlay-opacity":"","overlay-gradient":""},"tablet":{"background-color":"","background-image":"","background-repeat":"repeat","background-position":"center center","background-size":"auto","background-attachment":"scroll","background-type":"","background-media":"","overlay-type":"","overlay-color":"","overlay-opacity":"","overlay-gradient":""},"mobile":{"background-color":"","background-image":"","background-repeat":"repeat","background-position":"center center","background-size":"auto","background-attachment":"scroll","background-type":"","background-media":"","overlay-type":"","overlay-color":"","overlay-opacity":"","overlay-gradient":""}},"ast-content-background-meta":{"desktop":{"background-color":"var(--ast-global-color-5)","background-image":"","background-repeat":"repeat","background-position":"center center","background-size":"auto","background-attachment":"scroll","background-type":"","background-media":"","overlay-type":"","overlay-color":"","overlay-opacity":"","overlay-gradient":""},"tablet":{"background-color":"var(--ast-global-color-5)","background-image":"","background-repeat":"repeat","background-position":"center center","background-size":"auto","background-attachment":"scroll","background-type":"","background-media":"","overlay-type":"","overlay-color":"","overlay-opacity":"","overlay-gradient":""},"mobile":{"background-color":"var(--ast-global-color-5)","background-image":"","background-repeat":"repeat","background-position":"center center","background-size":"auto","background-attachment":"scroll","background-type":"","background-media":"","overlay-type":"","overlay-color":"","overlay-opacity":"","overlay-gradient":""}},"footnotes":""},"class_list":["post-73514","page","type-page","status-publish","hentry"],"acf":[],"yoast_head":"<!-- This site is optimized with the Yoast SEO Premium plugin v27.5 (Yoast SEO v27.5) - https:\/\/yoast.com\/product\/yoast-seo-premium-wordpress\/ -->\n<title>Webinar Lebensmittelsicherheitskultur in der Praxis - Praxistrainings-LMS<\/title>\n<meta name=\"description\" content=\"Praxistrainings-LMS: Kostenfreies Webinar zum Thema Lebensmittelsicherheit in der Praxis, am 19.1.26 - Jetzt einen Platz sichern!\" \/>\n<meta name=\"robots\" content=\"index, follow, max-snippet:-1, max-image-preview:large, max-video-preview:-1\" \/>\n<link rel=\"canonical\" href=\"https:\/\/praxistrainings-lms.de\/es\/webinar-lmsk-praxis\/\" \/>\n<meta property=\"og:locale\" content=\"es_ES\" \/>\n<meta property=\"og:type\" content=\"article\" \/>\n<meta property=\"og:title\" content=\"Webinar Lebensmittelsicherheitskultur in der Praxis\" \/>\n<meta property=\"og:description\" content=\"Praxistrainings-LMS: Kostenfreies Webinar zum Thema Lebensmittelsicherheit in der Praxis, am 19.1.26 - Jetzt einen Platz sichern!\" \/>\n<meta property=\"og:url\" content=\"https:\/\/praxistrainings-lms.de\/es\/webinar-lmsk-praxis\/\" \/>\n<meta property=\"og:site_name\" content=\"Praxistrainings-LMS\" \/>\n<meta property=\"article:publisher\" content=\"https:\/\/www.facebook.com\/jennifer.ziegler.praxistraining.lms.de\" \/>\n<meta property=\"article:modified_time\" content=\"2025-12-22T17:05:58+00:00\" \/>\n<meta property=\"og:image\" content=\"https:\/\/praxistrainings-lms.de\/wp-content\/uploads\/2023\/06\/WEB_LMS_Logo_Blue-klein.png\" \/>\n\t<meta property=\"og:image:width\" content=\"275\" \/>\n\t<meta property=\"og:image:height\" content=\"134\" \/>\n\t<meta property=\"og:image:type\" content=\"image\/png\" \/>\n<meta name=\"twitter:card\" content=\"summary_large_image\" \/>\n<meta name=\"twitter:label1\" content=\"Tiempo de lectura\" \/>\n\t<meta name=\"twitter:data1\" content=\"2 minutos\" \/>\n<script type=\"application\/ld+json\" class=\"yoast-schema-graph\">{\"@context\":\"https:\\\/\\\/schema.org\",\"@graph\":[{\"@type\":\"WebPage\",\"@id\":\"https:\\\/\\\/praxistrainings-lms.de\\\/webinar-lmsk-praxis\\\/\",\"url\":\"https:\\\/\\\/praxistrainings-lms.de\\\/webinar-lmsk-praxis\\\/\",\"name\":\"Webinar Lebensmittelsicherheitskultur in der Praxis - Praxistrainings-LMS\",\"isPartOf\":{\"@id\":\"https:\\\/\\\/praxistrainings-lms.de\\\/#website\"},\"primaryImageOfPage\":{\"@id\":\"https:\\\/\\\/praxistrainings-lms.de\\\/webinar-lmsk-praxis\\\/#primaryimage\"},\"image\":{\"@id\":\"https:\\\/\\\/praxistrainings-lms.de\\\/webinar-lmsk-praxis\\\/#primaryimage\"},\"thumbnailUrl\":\"https:\\\/\\\/praxistrainings-lms.de\\\/wp-content\\\/uploads\\\/2023\\\/06\\\/WEB_LMS_Logo_Blue-klein.png\",\"datePublished\":\"2025-12-17T18:32:32+00:00\",\"dateModified\":\"2025-12-22T17:05:58+00:00\",\"description\":\"Praxistrainings-LMS: Kostenfreies Webinar zum Thema Lebensmittelsicherheit in der Praxis, am 19.1.26 - Jetzt einen Platz sichern!\",\"breadcrumb\":{\"@id\":\"https:\\\/\\\/praxistrainings-lms.de\\\/webinar-lmsk-praxis\\\/#breadcrumb\"},\"inLanguage\":\"es\",\"potentialAction\":[{\"@type\":\"ReadAction\",\"target\":[\"https:\\\/\\\/praxistrainings-lms.de\\\/webinar-lmsk-praxis\\\/\"]}]},{\"@type\":\"ImageObject\",\"inLanguage\":\"es\",\"@id\":\"https:\\\/\\\/praxistrainings-lms.de\\\/webinar-lmsk-praxis\\\/#primaryimage\",\"url\":\"https:\\\/\\\/praxistrainings-lms.de\\\/wp-content\\\/uploads\\\/2023\\\/06\\\/WEB_LMS_Logo_Blue-klein.png\",\"contentUrl\":\"https:\\\/\\\/praxistrainings-lms.de\\\/wp-content\\\/uploads\\\/2023\\\/06\\\/WEB_LMS_Logo_Blue-klein.png\"},{\"@type\":\"BreadcrumbList\",\"@id\":\"https:\\\/\\\/praxistrainings-lms.de\\\/webinar-lmsk-praxis\\\/#breadcrumb\",\"itemListElement\":[{\"@type\":\"ListItem\",\"position\":1,\"name\":\"Startseite\",\"item\":\"https:\\\/\\\/praxistrainings-lms.de\\\/\"},{\"@type\":\"ListItem\",\"position\":2,\"name\":\"Webinar Lebensmittelsicherheitskultur in der Praxis\"}]},{\"@type\":\"WebSite\",\"@id\":\"https:\\\/\\\/praxistrainings-lms.de\\\/#website\",\"url\":\"https:\\\/\\\/praxistrainings-lms.de\\\/\",\"name\":\"Praxistrainings-LMS\",\"description\":\"Schulungen f\u00fcr QM &amp; QS von Lebensmittel-Unternehmen\",\"publisher\":{\"@id\":\"https:\\\/\\\/praxistrainings-lms.de\\\/#organization\"},\"potentialAction\":[{\"@type\":\"SearchAction\",\"target\":{\"@type\":\"EntryPoint\",\"urlTemplate\":\"https:\\\/\\\/praxistrainings-lms.de\\\/?s={search_term_string}\"},\"query-input\":{\"@type\":\"PropertyValueSpecification\",\"valueRequired\":true,\"valueName\":\"search_term_string\"}}],\"inLanguage\":\"es\"},{\"@type\":\"Organization\",\"@id\":\"https:\\\/\\\/praxistrainings-lms.de\\\/#organization\",\"name\":\"Praxistrainings-LMS\",\"url\":\"https:\\\/\\\/praxistrainings-lms.de\\\/\",\"logo\":{\"@type\":\"ImageObject\",\"inLanguage\":\"es\",\"@id\":\"https:\\\/\\\/praxistrainings-lms.de\\\/#\\\/schema\\\/logo\\\/image\\\/\",\"url\":\"https:\\\/\\\/praxistrainings-lms.de\\\/wp-content\\\/uploads\\\/2022\\\/02\\\/WEB_LMS_Logo_Blue-e1646829814308.png\",\"contentUrl\":\"https:\\\/\\\/praxistrainings-lms.de\\\/wp-content\\\/uploads\\\/2022\\\/02\\\/WEB_LMS_Logo_Blue-e1646829814308.png\",\"width\":286,\"height\":143,\"caption\":\"Praxistrainings-LMS\"},\"image\":{\"@id\":\"https:\\\/\\\/praxistrainings-lms.de\\\/#\\\/schema\\\/logo\\\/image\\\/\"},\"sameAs\":[\"https:\\\/\\\/www.facebook.com\\\/jennifer.ziegler.praxistraining.lms.de\",\"https:\\\/\\\/www.linkedin.com\\\/in\\\/jennifer-ziegler-sichere-lm\\\/\",\"https:\\\/\\\/www.youtube.com\\\/channel\\\/UCQ1DGMwNQlP9uMcX_P-_gTg\"]}]}<\/script>\n<!-- \/ Yoast SEO Premium plugin. -->","yoast_head_json":{"title":"Webinar: Cultura de Seguridad Alimentaria en la Pr\u00e1ctica - Capacitaci\u00f3n Pr\u00e1ctica - Sistema de Gesti\u00f3n de Alimentos","description":"Formaci\u00f3n pr\u00e1ctica LMS: Webinar gratuito sobre el tema de la seguridad alimentaria en la pr\u00e1ctica, el 19 de enero de 2026 - \u00a1Asegure su lugar ahora!","robots":{"index":"index","follow":"follow","max-snippet":"max-snippet:-1","max-image-preview":"max-image-preview:large","max-video-preview":"max-video-preview:-1"},"canonical":"https:\/\/praxistrainings-lms.de\/es\/webinar-lmsk-praxis\/","og_locale":"es_ES","og_type":"article","og_title":"Webinar Lebensmittelsicherheitskultur in der Praxis","og_description":"Praxistrainings-LMS: Kostenfreies Webinar zum Thema Lebensmittelsicherheit in der Praxis, am 19.1.26 - Jetzt einen Platz sichern!","og_url":"https:\/\/praxistrainings-lms.de\/es\/webinar-lmsk-praxis\/","og_site_name":"Praxistrainings-LMS","article_publisher":"https:\/\/www.facebook.com\/jennifer.ziegler.praxistraining.lms.de","article_modified_time":"2025-12-22T17:05:58+00:00","og_image":[{"width":275,"height":134,"url":"https:\/\/praxistrainings-lms.de\/wp-content\/uploads\/2023\/06\/WEB_LMS_Logo_Blue-klein.png","type":"image\/png"}],"twitter_card":"summary_large_image","twitter_misc":{"Tiempo de lectura":"2 minutos"},"schema":{"@context":"https:\/\/schema.org","@graph":[{"@type":"WebPage","@id":"https:\/\/praxistrainings-lms.de\/webinar-lmsk-praxis\/","url":"https:\/\/praxistrainings-lms.de\/webinar-lmsk-praxis\/","name":"Webinar: Cultura de Seguridad Alimentaria en la Pr\u00e1ctica - Capacitaci\u00f3n Pr\u00e1ctica - Sistema de Gesti\u00f3n de Alimentos","isPartOf":{"@id":"https:\/\/praxistrainings-lms.de\/#website"},"primaryImageOfPage":{"@id":"https:\/\/praxistrainings-lms.de\/webinar-lmsk-praxis\/#primaryimage"},"image":{"@id":"https:\/\/praxistrainings-lms.de\/webinar-lmsk-praxis\/#primaryimage"},"thumbnailUrl":"https:\/\/praxistrainings-lms.de\/wp-content\/uploads\/2023\/06\/WEB_LMS_Logo_Blue-klein.png","datePublished":"2025-12-17T18:32:32+00:00","dateModified":"2025-12-22T17:05:58+00:00","description":"Formaci\u00f3n pr\u00e1ctica LMS: Webinar gratuito sobre el tema de la seguridad alimentaria en la pr\u00e1ctica, el 19 de enero de 2026 - \u00a1Asegure su lugar ahora!","breadcrumb":{"@id":"https:\/\/praxistrainings-lms.de\/webinar-lmsk-praxis\/#breadcrumb"},"inLanguage":"es","potentialAction":[{"@type":"ReadAction","target":["https:\/\/praxistrainings-lms.de\/webinar-lmsk-praxis\/"]}]},{"@type":"ImageObject","inLanguage":"es","@id":"https:\/\/praxistrainings-lms.de\/webinar-lmsk-praxis\/#primaryimage","url":"https:\/\/praxistrainings-lms.de\/wp-content\/uploads\/2023\/06\/WEB_LMS_Logo_Blue-klein.png","contentUrl":"https:\/\/praxistrainings-lms.de\/wp-content\/uploads\/2023\/06\/WEB_LMS_Logo_Blue-klein.png"},{"@type":"BreadcrumbList","@id":"https:\/\/praxistrainings-lms.de\/webinar-lmsk-praxis\/#breadcrumb","itemListElement":[{"@type":"ListItem","position":1,"name":"Startseite","item":"https:\/\/praxistrainings-lms.de\/"},{"@type":"ListItem","position":2,"name":"Webinar Lebensmittelsicherheitskultur in der Praxis"}]},{"@type":"WebSite","@id":"https:\/\/praxistrainings-lms.de\/#website","url":"https:\/\/praxistrainings-lms.de\/","name":"Pr\u00e1ctica Formaci\u00f3n LMS","description":"Formaci\u00f3n para QM &amp; QS de empresas alimentarias","publisher":{"@id":"https:\/\/praxistrainings-lms.de\/#organization"},"potentialAction":[{"@type":"SearchAction","target":{"@type":"EntryPoint","urlTemplate":"https:\/\/praxistrainings-lms.de\/?s={search_term_string}"},"query-input":{"@type":"PropertyValueSpecification","valueRequired":true,"valueName":"search_term_string"}}],"inLanguage":"es"},{"@type":"Organization","@id":"https:\/\/praxistrainings-lms.de\/#organization","name":"Pr\u00e1ctica Formaci\u00f3n LMS","url":"https:\/\/praxistrainings-lms.de\/","logo":{"@type":"ImageObject","inLanguage":"es","@id":"https:\/\/praxistrainings-lms.de\/#\/schema\/logo\/image\/","url":"https:\/\/praxistrainings-lms.de\/wp-content\/uploads\/2022\/02\/WEB_LMS_Logo_Blue-e1646829814308.png","contentUrl":"https:\/\/praxistrainings-lms.de\/wp-content\/uploads\/2022\/02\/WEB_LMS_Logo_Blue-e1646829814308.png","width":286,"height":143,"caption":"Praxistrainings-LMS"},"image":{"@id":"https:\/\/praxistrainings-lms.de\/#\/schema\/logo\/image\/"},"sameAs":["https:\/\/www.facebook.com\/jennifer.ziegler.praxistraining.lms.de","https:\/\/www.linkedin.com\/in\/jennifer-ziegler-sichere-lm\/","https:\/\/www.youtube.com\/channel\/UCQ1DGMwNQlP9uMcX_P-_gTg"]}]}},"_links":{"self":[{"href":"https:\/\/praxistrainings-lms.de\/es\/wp-json\/wp\/v2\/pages\/73514","targetHints":{"allow":["GET"]}}],"collection":[{"href":"https:\/\/praxistrainings-lms.de\/es\/wp-json\/wp\/v2\/pages"}],"about":[{"href":"https:\/\/praxistrainings-lms.de\/es\/wp-json\/wp\/v2\/types\/page"}],"author":[{"embeddable":true,"href":"https:\/\/praxistrainings-lms.de\/es\/wp-json\/wp\/v2\/users\/186"}],"replies":[{"embeddable":true,"href":"https:\/\/praxistrainings-lms.de\/es\/wp-json\/wp\/v2\/comments?post=73514"}],"version-history":[{"count":5,"href":"https:\/\/praxistrainings-lms.de\/es\/wp-json\/wp\/v2\/pages\/73514\/revisions"}],"predecessor-version":[{"id":73702,"href":"https:\/\/praxistrainings-lms.de\/es\/wp-json\/wp\/v2\/pages\/73514\/revisions\/73702"}],"wp:attachment":[{"href":"https:\/\/praxistrainings-lms.de\/es\/wp-json\/wp\/v2\/media?parent=73514"}],"curies":[{"name":"gracias","href":"https:\/\/api.w.org\/{rel}","templated":true}]}}